{"id":3926,"date":"2025-06-12T08:30:45","date_gmt":"2025-06-12T06:30:45","guid":{"rendered":"https:\/\/gomero.com\/?post_type=product&#038;p=3926"},"modified":"2026-08-10T09:28:41","modified_gmt":"2026-08-10T07:28:41","slug":"solstormar-och-elnatets-sarbarhet","status":"publish","type":"product","link":"https:\/\/gomero.se\/sv\/produkt\/solstormar-och-elnatets-sarbarhet\/","title":{"rendered":"Solstormar och eln\u00e4tets s\u00e5rbarhet"},"content":{"rendered":"\t\t<section class=\"page-intro-block\" >\n\t\t        <section class=\"page-intro-banner img-banner post-banner\">\n            <div class=\"img-block\" style=\"background: url('https:\/\/gomero.se\/wp-content\/uploads\/2025\/06\/solstormar-och-elnatets-sarbarhet-gomero-3-scaled.jpg')\"><\/div>            <div class=\"container\"><div class=\"row no-gutters\">\n                <div class=\"col-md-6\"><div class=\"banner-content text-white\">\n                    <h1>Solstormar och eln\u00e4tets s\u00e5rbarhet<\/h1>\n                    <p>Juni 2025 &#8211; 3 min l\u00e4sning<\/p>\n                    <div class=\"category-block mt-50 mb-45\"><p><\/p><\/div>\n                <\/div><\/div>\n                <div class=\"col-md-6\">    <div class=\"content-list-box full-width-small\">\n        <div class=\"content-list-heading\"><h6>Inneh\u00e5ll<\/h6><span class=\"box-opener\"><\/span><\/div>\n        <div class=\"content-list\">\n            <ul class=\"list-unstyled\">\n                                    <li><a href=\"#hot\">En ny typ av hot mot eln\u00e4tet<\/a><\/li>\n                                    <li><a href=\"#digitalisering\">Digitalisering som f\u00f6rsvar<\/a><\/li>\n                                    <li><a href=\"#smart\">Eln\u00e4tet m\u00e5ste bli smart \u2013 och resilient<\/a><\/li>\n                                    <li><a href=\"#framtiden\">Framtiden \u00e4r f\u00f6ruts\u00e4gbar \u2013 om vi lyssnar p\u00e5 datan<\/a><\/li>\n                                    <li><a href=\"#insikter\">Relaterade poster<\/a><\/li>\n                            <\/ul>\n            <ul class=\"list-unstyled\">\n                                    <li class=\"share-link\">\n                        <a href=\"javascript:void(0);\" data-toggle=\"collapse\" data-target=\"#share1\">Dela<\/a>\n                        <div id=\"share1\" class=\"collapse share-lists\">\n                            <a href=\"mailto:?body=https:\/\/gomero.se\/sv\/wp-json\/wp\/v2\/product\/3926\/\"><i class=\"fa fa-envelope\"><\/i> Email<\/a>\n                            <a href=\"https:\/\/www.linkedin.com\/cws\/share?url=https:\/\/gomero.se\/sv\/wp-json\/wp\/v2\/product\/3926\/\" target=\"_blank\"><i class=\"fab fa-linkedin\"><\/i>Linkedin<\/a>\n                        <\/div>\n                    <\/li>\n                                            <\/ul>\n        <\/div>\n    <\/div>\n    <\/div>            <\/div><\/div>\n        <\/section>\n    <\/section>\n\n\t\t<section class=\"content-block pt-100 pb-100 mb-50\"  id=\"vadar\">\n\t\t            <div class=\"container\">\n                <div class=\"row simple-content-module \">\n                    <div class=\"col-lg-6\">\n                        <div class=\"simple-content-module-title\">\n                            <h3><\/h3>\n                                                    <\/div>\n                    <\/div>\n                    <div class=\"col-lg-6\">\n                        <div class=\"simple-content-module-content\">\n                            <h4 style=\"font-weight: 400;\">N\u00e4r solens aktivitet n\u00e5r sin topp 2025 \u00f6kar risken f\u00f6r geomagnetiska stormar som kan sl\u00e5 ut delar av v\u00e5rt eln\u00e4t. Tillsammans med extremv\u00e4der st\u00e4lls energiinfrastrukturen inf\u00f6r nya utmaningar. Men genom att digitalisera transformatorstationer och satsa p\u00e5 prediktivt underh\u00e5ll kan vi g\u00f6ra eln\u00e4ten mer resilienta \u00e4n n\u00e5gonsin.<\/h4>\n                        <\/div>\n\n                    <\/div>\n                <\/div>\n            <\/div>\n<\/section>\n\n\t\t<section class=\"content-block pt-100 pb-100 mb-50\"  id=\"hot\">\n\t\t            <div class=\"container\">\n                <div class=\"row simple-content-module \">\n                    <div class=\"col-lg-6\">\n                        <div class=\"simple-content-module-title\">\n                            <h3>En ny typ av hot mot eln\u00e4tet<\/h3>\n                                                    <\/div>\n                    <\/div>\n                    <div class=\"col-lg-6\">\n                        <div class=\"simple-content-module-content\">\n                            <p style=\"font-weight: 400;\">Eln\u00e4tet har traditionellt sett byggts f\u00f6r att hantera mekaniska och elektriska p\u00e5frestningar, men det globala klimatet och solens cykliska aktivitet f\u00f6r\u00e4ndrar spelreglerna. Under 2025 n\u00e5r solen sitt solmaximum, vilket \u00f6kar sannolikheten f\u00f6r kraftiga solstormar.<\/p>\n<p style=\"font-weight: 400;\">N\u00e4r dessa n\u00e5r jorden kan de inducera s\u00e5 kallade geomagnetiskt inducerade str\u00f6mmar (GIC) som i v\u00e4rsta fall sl\u00e5r ut transformatorstationer, \u00f6verhettar kablar och orsakar omfattande str\u00f6mavbrott.<\/p>\n<p style=\"font-weight: 400;\">Solstormar \u00e4r inte ett teoretiskt framtidshot, de har redan tidigare p\u00e5verkat eln\u00e4t i b\u00e5de Kanada och Sverige. Ett v\u00e4lk\u00e4nt exempel \u00e4r Quebec 1989, d\u00e4r en kraftig solstorm slog ut hela provinsens eln\u00e4t p\u00e5 n\u00e5gra minuter och l\u00e4mnade sex miljoner m\u00e4nniskor utan str\u00f6m. I Malm\u00f6 2003 orsakade en solstorm att skyddssystem slog ifr\u00e5n, vilket ledde till str\u00f6mavbrott f\u00f6r tiotusentals hush\u00e5ll.<\/p>\n<p style=\"font-weight: 400;\">Vid en ny kraftig solstorm, som forskare menar \u00e4r sannolik inom en snar framtid, s\u00e4rskilt under det solmaximum vi befinner oss i 2025, riskerar dagens eln\u00e4t att uts\u00e4ttas f\u00f6r \u00f6verbelastningar, sp\u00e4nningsinstabilitet och skador p\u00e5 k\u00e4nslig utrustning.<\/p>\n<p style=\"font-weight: 400;\">Med en v\u00e4xande andel decentraliserad och v\u00e4derberoende elproduktion blir eln\u00e4tet dessutom mer komplext och s\u00e5rbart. Det st\u00e4ller h\u00f6gre krav p\u00e5 fj\u00e4rr\u00f6vervakning, prediktivt underh\u00e5ll och snabba beslut n\u00e4r st\u00f6rningar uppst\u00e5r f\u00f6r att skydda b\u00e5de n\u00e4tet och samh\u00e4llsfunktionerna det b\u00e4r.<\/p>\n                        <\/div>\n\n                    <\/div>\n                <\/div>\n            <\/div>\n<\/section>\n\n\t\t<section class=\"content-block pt-100 pb-100 mb-50\"  id=\"digitalisering\">\n\t\t            <div class=\"container\">\n                <div class=\"row simple-content-module \">\n                    <div class=\"col-lg-6\">\n                        <div class=\"simple-content-module-title\">\n                            <h3>Digitalisering som f\u00f6rsvar<\/h3>\n                                                    <\/div>\n                    <\/div>\n                    <div class=\"col-lg-6\">\n                        <div class=\"simple-content-module-content\">\n                            <p style=\"font-weight: 400;\">F\u00f6r att m\u00f6ta dessa nya risker kr\u00e4vs ett paradigmskifte i hur vi underh\u00e5ller och \u00f6vervakar v\u00e5r elinfrastruktur.<\/p>\n<p style=\"font-weight: 400;\">Digitalt \u00f6vervakade transformatorstationer ger m\u00f6jlighet att:<\/p>\n<p><strong><span data-teams=\"true\">\u2022 <\/span>Fj\u00e4rr\u00f6vervaka<\/strong>\u00a0tillst\u00e5nd i realtid \u2013 temperatur, fukt, vibrationer, oljekvalitet m.m.<\/p>\n<p><strong><span data-teams=\"true\">\u2022 <\/span>Identifiera trender och avvikelser<\/strong>\u00a0med hj\u00e4lp av AI och maskininl\u00e4rning<\/p>\n<p><strong><span data-teams=\"true\">\u2022 <\/span>F\u00f6ruts\u00e4ga fel<\/strong>\u00a0innan de sker, och planera underh\u00e5ll proaktivt<\/p>\n<p><strong><span data-teams=\"true\">\u2022 <\/span>Reagera snabbare<\/strong>\u00a0vid incidenter, med m\u00f6jlighet till fj\u00e4rravst\u00e4ngning eller lastomf\u00f6rdelning<\/p>\n<p style=\"font-weight: 400;\">Prediktivt underh\u00e5ll blir allts\u00e5 inte bara ett s\u00e4tt att minska driftstopp, utan ocks\u00e5 en strategisk f\u00f6rsvarslinje mot klimat- och rymdv\u00e4derrelaterade hot.<\/p>\n                        <\/div>\n\n                    <\/div>\n                <\/div>\n            <\/div>\n<\/section>\n\n\t\t<section class=\"content-block pt-100 pb-100 mb-50\"  id=\"smart\">\n\t\t            <div class=\"container\">\n                <div class=\"row simple-content-module \">\n                    <div class=\"col-lg-6\">\n                        <div class=\"simple-content-module-title\">\n                            <h3>Eln\u00e4tet m\u00e5ste bli smart \u2013 och resilient<\/h3>\n                                                    <\/div>\n                    <\/div>\n                    <div class=\"col-lg-6\">\n                        <div class=\"simple-content-module-content\">\n                            <p style=\"font-weight: 400;\">Ett modernt eln\u00e4t m\u00e5ste inte bara vara effektivt, utan \u00e4ven resilient. Det handlar om att:<\/p>\n<p><span data-teams=\"true\">\u2022 <\/span>Identifiera och f\u00f6rst\u00e4rka s\u00e5rbara noder<\/p>\n<p><span data-teams=\"true\">\u2022 <\/span>Integrera externa riskfaktorer i planeringen, som solstormprognoser<\/p>\n<p><span data-teams=\"true\">\u2022 <\/span>Arbeta med digitala tvillingar f\u00f6r att simulera scenarier<\/p>\n<p><span data-teams=\"true\">\u2022 <\/span>S\u00e4kerst\u00e4lla redundans och kapacitet i kritiska punkter<\/p>\n<p style=\"font-weight: 400;\">Genom digitalisering, fj\u00e4rr\u00f6vervakning och dataanalys skapar vi f\u00f6ruts\u00e4ttningar f\u00f6r ett eln\u00e4t som inte bara \u00f6verlever framtidens pr\u00f6vningar utan ocks\u00e5 utvecklas med dem.<\/p>\n                        <\/div>\n\n                    <\/div>\n                <\/div>\n            <\/div>\n<\/section>\n\n\t\t<section class=\"content-block pt-100 pb-100 mb-50\"  id=\"framtiden\">\n\t\t            <div class=\"container\">\n                <div class=\"row simple-content-module \">\n                    <div class=\"col-lg-6\">\n                        <div class=\"simple-content-module-title\">\n                            <h3>Framtiden \u00e4r f\u00f6ruts\u00e4gbar \u2013 om vi lyssnar p\u00e5 datan<\/h3>\n                                                    <\/div>\n                    <\/div>\n                    <div class=\"col-lg-6\">\n                        <div class=\"simple-content-module-content\">\n                            <p style=\"font-weight: 400;\">Med r\u00e4tt sensorer, data och analys kan vi se m\u00f6nster som tidigare varit om\u00f6jliga att uppt\u00e4cka. De subtila f\u00f6r\u00e4ndringar som f\u00f6reg\u00e5r ett transformatorhaveri kan nu identifieras l\u00e5ngt innan kritiska niv\u00e5er n\u00e5s. Detta g\u00f6r att underh\u00e5llsinsatser kan planeras strategiskt, ofta under perioder med l\u00e4gre belastning, vilket b\u00e5de sparar kostnader och f\u00f6rebygger avbrott.<\/p>\n<p style=\"font-weight: 400;\">Inf\u00f6r ett solmaximum som det 2025 blir digitaliseringen s\u00e4rskilt v\u00e4rdefull. Genom att koppla rymdv\u00e4derdata fr\u00e5n organisationer som NOAA och ESA till \u00f6vervakningssystem f\u00f6r transformatorstationer, kan energibolag f\u00f6rbereda sig specifikt inf\u00f6r annalkande solstormar. Sensorer kan d\u00e5 riktas mot just de parametrar som indikerar GIC-p\u00e5verkan, och extra \u00e5tg\u00e4rder kan vidtas f\u00f6r att skydda s\u00e4rskilt utsatta delar av n\u00e4tet.<\/p>\n<p style=\"font-weight: 400;\">De energibolag som investerar i digital resiliens idag bygger inte bara ett skydd mot enskilda incidenter, de skapar \u00e4ven en infrastruktur som kan anpassa sig, l\u00e4ra sig och bli starkare \u00f6ver tid. Varje solstorm, varje extremv\u00e4der blir en m\u00f6jlighet att samla data, f\u00f6rfina algoritmer och f\u00f6rb\u00e4ttra skydds\u00e5tg\u00e4rder.<\/p>\n<p style=\"font-weight: 400;\">2025 kan bli ett stresstest f\u00f6r v\u00e5ra energisystem, men ocks\u00e5 en m\u00f6jlighet att visa kraften i modern teknik och smart underh\u00e5ll. Genom att fokusera p\u00e5 digitalisering och prediktivt underh\u00e5ll har energisektorn nu chansen att omvandla potentiella hot till faktiska m\u00f6jligheter f\u00f6r innovation och f\u00f6rb\u00e4ttring.<\/p>\n                        <\/div>\n\n                    <\/div>\n                <\/div>\n            <\/div>\n<\/section>\n\n\t\t<section class=\"slider-block\"  id=\"insikter\">\n\t\t            <div class=\"container\">\n                <div class=\"row\">\n                    <div class=\"col-lg-12\">\n                        <div class=\"slider-block\">\n                            <h4>Relaterade poster<\/h4>                            <div class=\"post-slider\">\n                                                                        <div class=\"single-post-box\"><a href=\"https:\/\/gomero.se\/sv\/produkt\/fem-fragor-tillstandsovervakning\/\">\n                                                <div class=\"image-bg-block\" style=\"background: url('https:\/\/gomero.se\/wp-content\/uploads\/2026\/04\/fem-fragor-tillstandsovervakning-gomero-1.jpg')\"><\/div>\n                                                <div class=\"heading-block\">Solutions<h2>Fem fr\u00e5gor som formar er tillst\u00e5nds\u00f6vervakning<\/h2>\n                                                <\/div>\n                                                <div class=\"date-block\">\n                                                    <p>April 2026<\/p>\n                                                <\/div>\n                                            <\/a><\/div>\n                                                                        <div class=\"single-post-box\"><a href=\"https:\/\/gomero.se\/sv\/produkt\/innovationsmodell-digitalisering-energisektorn\/\">\n                                                <div class=\"image-bg-block\" style=\"background: url('https:\/\/gomero.se\/wp-content\/uploads\/2026\/04\/electricity-grid-digitalization-energy-sector-1-scaled.jpg')\"><\/div>\n                                                <div class=\"heading-block\">Solutions<h2>Gomeros innovationsmodell \u2013 fr\u00e5n id\u00e9 till v\u00e4rde<\/h2>\n                                                <\/div>\n                                                <div class=\"date-block\">\n                                                    <p>April 2026<\/p>\n                                                <\/div>\n                                            <\/a><\/div>\n                                                                        <div class=\"single-post-box\"><a href=\"https:\/\/gomero.se\/sv\/produkt\/hur-vet-jag-vad-jag-ska-borja-mata\/\">\n                                                <div class=\"image-bg-block\" style=\"background: url('https:\/\/gomero.se\/wp-content\/uploads\/2026\/03\/gomero-hur-vet-jag-vad-jag-ska-borja-mata-1.jpg')\"><\/div>\n                                                <div class=\"heading-block\">Solutions<h2>Hur vet jag vad jag ska b\u00f6rja m\u00e4ta?<\/h2>\n                                                <\/div>\n                                                <div class=\"date-block\">\n                                                    <p>March 2026<\/p>\n                                                <\/div>\n                                            <\/a><\/div>\n                                                                        <div class=\"single-post-box\"><a href=\"https:\/\/gomero.se\/sv\/produkt\/framgangsrikt-samarbete-mojliggor-behovsbaserat-underhall\/\">\n                                                <div class=\"image-bg-block\" style=\"background: url('https:\/\/gomero.se\/wp-content\/uploads\/2026\/03\/stallverk-med-sf6-utrustning-under-kontinuerlig-overvakning-2.jpg')\"><\/div>\n                                                <div class=\"heading-block\">Solutions<h2>Framg\u00e5ngsrikt samarbete m\u00f6jligg\u00f6r behovsbaserat underh\u00e5ll<\/h2>\n                                                <\/div>\n                                                <div class=\"date-block\">\n                                                    <p>March 2026<\/p>\n                                                <\/div>\n                                            <\/a><\/div>\n                                                                        <div class=\"single-post-box\"><a href=\"https:\/\/gomero.se\/sv\/produkt\/underhallsskuld-i-elnatet-varfor-den-vaxer-och-vad-den-innebar\/\">\n                                                <div class=\"image-bg-block\" style=\"background: url('https:\/\/gomero.se\/wp-content\/uploads\/2026\/01\/underhallsskulden-i-svenska-elnat--varfor-den-vaxer-och-vad-den-innebar-1.jpg')\"><\/div>\n                                                <div class=\"heading-block\">Solutions<h2>Underh\u00e5llsskulden i svenska eln\u00e4t \u2013 varf\u00f6r den v\u00e4xer och vad den inneb\u00e4r<\/h2>\n                                                <\/div>\n                                                <div class=\"date-block\">\n                                                    <p>February 2026<\/p>\n                                                <\/div>\n                                            <\/a><\/div>\n                                                                        <div class=\"single-post-box\"><a href=\"https:\/\/gomero.se\/sv\/produkt\/vinterdrift-av-elnat-i-glesbygd-utmaningen-med-avstand-och-vader\/\">\n                                                <div class=\"image-bg-block\" style=\"background: url('https:\/\/gomero.se\/wp-content\/uploads\/2026\/01\/vinterdrift-av-elnat-i-glesbygd--utmaningen-med-avstand-och-vader-1.jpg')\"><\/div>\n                                                <div class=\"heading-block\">Solutions<h2>Vinterdrift av eln\u00e4t i glesbygd \u2013 utmaningen med avst\u00e5nd och v\u00e4der<\/h2>\n                                                <\/div>\n                                                <div class=\"date-block\">\n                                                    <p>January 2026<\/p>\n                                                <\/div>\n                                            <\/a><\/div>\n                                                                        <div class=\"single-post-box\"><a href=\"https:\/\/gomero.se\/sv\/produkt\/gomeros-sipp-forhindrade-over-6-100-oljeutslapp-under-2025\/\">\n                                                <div class=\"image-bg-block\" style=\"background: url('https:\/\/gomero.se\/wp-content\/uploads\/2025\/12\/gomeros-sipp-forhindrade-over-6-100-oljeutslapp-1.jpg')\"><\/div>\n                                                <div class=\"heading-block\">Solutions<h2>Gomeros SIPP f\u00f6rhindrade \u00f6ver 6 100 oljeutsl\u00e4pp under 2025<\/h2>\n                                                <\/div>\n                                                <div class=\"date-block\">\n                                                    <p>January 2026<\/p>\n                                                <\/div>\n                                            <\/a><\/div>\n                                                                        <div class=\"single-post-box\"><a href=\"https:\/\/gomero.se\/sv\/produkt\/nar-vadret-utmanar-elnatet-darfor-kravs-ett-smartare-energisystem\/\">\n                                                <div class=\"image-bg-block\" style=\"background: url('https:\/\/gomero.se\/wp-content\/uploads\/2025\/12\/nar-vadret-utmanar-elnatet--darfor-kravs-ett-smartare-energisystem-gomero-scaled.jpg')\"><\/div>\n                                                <div class=\"heading-block\">Solutions<h2>N\u00e4r v\u00e4dret utmanar eln\u00e4tet \u2013 d\u00e4rf\u00f6r kr\u00e4vs ett smartare energisystem<\/h2>\n                                                <\/div>\n                                                <div class=\"date-block\">\n                                                    <p>December 2025<\/p>\n                                                <\/div>\n                                            <\/a><\/div>\n                                                                        <div class=\"single-post-box\"><a href=\"https:\/\/gomero.se\/sv\/produkt\/sa-gar-energibolag-over-till-datadrivet-underhall-hos-ibm-maximo-utan-att-riskera-driften\/\">\n                                                <div class=\"image-bg-block\" style=\"background: url('https:\/\/gomero.se\/wp-content\/uploads\/2025\/12\/sa-gar-energibolag-over-till-datadrivet-underhall-hos-ibm-maximo-utan-att-riskera-driften-gomero.jpg')\"><\/div>\n                                                <div class=\"heading-block\">Solutions<h2>S\u00e5 g\u00e5r energibolag \u00f6ver till datadrivet underh\u00e5ll hos IBM Maximo utan att riskera driften<\/h2>\n                                                <\/div>\n                                                <div class=\"date-block\">\n                                                    <p>December 2025<\/p>\n                                                <\/div>\n                                            <\/a><\/div>\n                                                                        <div class=\"single-post-box\"><a href=\"https:\/\/gomero.se\/sv\/produkt\/asset-management-far-en-ny-roll-inom-energisektorn\/\">\n                                                <div class=\"image-bg-block\" style=\"background: url('https:\/\/gomero.se\/wp-content\/uploads\/2025\/11\/asset-management-far-en-ny-roll-inom-energisektorn-gomero.jpg')\"><\/div>\n                                                <div class=\"heading-block\">Solutions<h2>Asset management f\u00e5r en ny roll inom energisektorn<\/h2>\n                                                <\/div>\n                                                <div class=\"date-block\">\n                                                    <p>December 2025<\/p>\n                                                <\/div>\n                                            <\/a><\/div>\n                                                            <\/div>\n                        <\/div>\n                    <\/div>\n                <\/div>\n            <\/div>\n<\/section>","protected":false},"featured_media":3951,"template":"","class_list":["post-3926","product","type-product","status-publish","has-post-thumbnail","hentry","product-categories-produkt"],"acf":[],"_links":{"self":[{"href":"https:\/\/gomero.se\/sv\/wp-json\/wp\/v2\/product\/3926","targetHints":{"allow":["GET"]}}],"collection":[{"href":"https:\/\/gomero.se\/sv\/wp-json\/wp\/v2\/product"}],"about":[{"href":"https:\/\/gomero.se\/sv\/wp-json\/wp\/v2\/types\/product"}],"wp:featuredmedia":[{"embeddable":true,"href":"https:\/\/gomero.se\/sv\/wp-json\/wp\/v2\/media\/3951"}],"wp:attachment":[{"href":"https:\/\/gomero.se\/sv\/wp-json\/wp\/v2\/media?parent=3926"}],"curies":[{"name":"wp","href":"https:\/\/api.w.org\/{rel}","templated":true}]}}